{"id":4572,"date":"2022-10-09T21:56:39","date_gmt":"2022-10-09T19:56:39","guid":{"rendered":"https:\/\/www.odec.cat\/politica-de-privacidad\/"},"modified":"2022-10-17T11:25:50","modified_gmt":"2022-10-17T09:25:50","slug":"politica-de-privacidad","status":"publish","type":"page","link":"https:\/\/www.odec.cat\/es\/politica-de-privacidad\/","title":{"rendered":"Pol\u00edtica de privacidad"},"content":{"rendered":"\t\t<div data-elementor-type=\"wp-page\" data-elementor-id=\"4572\" class=\"elementor elementor-4572 elementor-2238\" data-elementor-post-type=\"page\">\n\t\t\t\t\t\t<section class=\"elementor-section elementor-top-section elementor-element elementor-element-56dbb41 elementor-section-boxed elementor-section-height-default elementor-section-height-default\" data-id=\"56dbb41\" data-element_type=\"section\" data-e-type=\"section\">\n\t\t\t\t\t\t<div class=\"elementor-container elementor-column-gap-default\">\n\t\t\t\t\t<div class=\"elementor-column elementor-col-100 elementor-top-column elementor-element elementor-element-fb55da4\" data-id=\"fb55da4\" data-element_type=\"column\" data-e-type=\"column\">\n\t\t\t<div class=\"elementor-widget-wrap elementor-element-populated\">\n\t\t\t\t\t\t<section class=\"elementor-section elementor-inner-section elementor-element elementor-element-3def12a elementor-section-boxed elementor-section-height-default elementor-section-height-default\" data-id=\"3def12a\" data-element_type=\"section\" data-e-type=\"section\">\n\t\t\t\t\t\t<div class=\"elementor-container elementor-column-gap-default\">\n\t\t\t\t\t<div class=\"elementor-column elementor-col-100 elementor-inner-column elementor-element elementor-element-14afcc8\" data-id=\"14afcc8\" data-element_type=\"column\" data-e-type=\"column\">\n\t\t\t<div class=\"elementor-widget-wrap elementor-element-populated\">\n\t\t\t\t\t\t<div class=\"elementor-element elementor-element-d7ae559 elementor-widget elementor-widget-text-editor\" data-id=\"d7ae559\" data-element_type=\"widget\" data-e-type=\"widget\" data-widget_type=\"text-editor.default\">\n\t\t\t\t<div class=\"elementor-widget-container\">\n\t\t\t\t\t\t\t\t\t<p><span style=\"font-weight: 400;\">Este documento explica la pol\u00edtica de protecci\u00f3n de datos de Sant Andreu Salut Fundaci\u00f3. Se fundamenta en los principios del Reglamento General de Protecci\u00f3n de Datos 2016\/679\/UE. Asumimos plenamente el esp\u00edritu de este Reglamento europeo porque refuerza los derechos y da m\u00e1s garant\u00edas a las personas en relaci\u00f3n con el tratamiento de sus datos, objetivo que coincide plenamente con nuestra voluntad de mejora permanente de nuestros servicios asistenciales. Resumimos a continuaci\u00f3n los aspectos fundamentales de nuestra pol\u00edtica de protecci\u00f3n de datos.<\/span><\/p>\n<p><b>RESPONSABLE DEL TRATAMIENTO<\/b><\/p>\n<p><span style=\"font-weight: 400;\">El Responsable del tratamiento de los datos es Sant Andreu Salut Fundaci\u00f3, con domicilio en la Pla\u00e7aa Hospital, s\/n 08241 MANRESA, CIF G-58666983, tel. 93 874 33 12, direcci\u00f3n electr\u00f3nica <\/span><b>fundacio@santandreusalut.cat<\/b><span style=\"font-weight: 400;\">&nbsp; inscrita en el Registro de Fundaciones de la Generalitat de Catalunya con el n\u00famero 370.<\/span><\/p>\n<p><b>&nbsp;DELEGADO DE PROTECCI\u00d3N DE DATOS<\/b><\/p>\n<p><span style=\"font-weight: 400;\">El Delegado de Protecci\u00f3n de Datos (DPD) es la persona que supervisa el cumplimiento de nuestra pol\u00edtica de protecci\u00f3n de datos, velando por que se traten adecuadamente y se protejan los derechos de las personas. Entre sus funciones figura la de atender cualquier duda, sugerencia, queja o reclamaci\u00f3n de las personas de las que se tratan datos. Puede contactar con el Delegado de Protecci\u00f3n de Datos dirigi\u00e9ndose por escrito a nuestra direcci\u00f3n postal y tel\u00e9fono o directamente a la direcci\u00f3n electr\u00f3nica <\/span><b>dpd@santandreusalut.cat<\/b><\/p>\n<p><b>FINALIDAD<\/b><\/p>\n<p><span style=\"font-weight: 400;\">Tratamos en cada caso los datos adecuados, pertinentes y limitados al cumplimiento de las finalidades expl\u00edcitas que motivaron su obtenci\u00f3n; s\u00f3lo los datos necesarios para posibilitar la prestaci\u00f3n de los servicios asistenciales sociosanitarios o sociales que son nuestra misi\u00f3n. En algunos casos se piden m\u00e1s datos, por ejemplo, para conocer opiniones o valoraciones de nuestros servicios. Entonces las respuestas se tratan estad\u00edsticamente y de forma disociada de los datos identificativos de la persona que contesta.&nbsp;<\/span><\/p>\n<p><span style=\"font-weight: 400;\">Selecci\u00f3n de personal. Recogemos y custodiamos los curr\u00edculums vitae que nos dirigen personas interesadas en trabajar con nosotros y tratamos tambi\u00e9n datos personales en el desarrollo de los procesos de selecci\u00f3n de personal, con el fin de analizar la adecuaci\u00f3n del perfil de los candidatos en funci\u00f3n de los puestos vacantes o de nueva creaci\u00f3n.<\/span><\/p>\n<p><span style=\"font-weight: 400;\">Gesti\u00f3n de datos de nuestros proveedores. Registramos y tratamos los datos de los proveedores de quienes obtenemos servicios o bienes. Obtenemos los datos imprescindibles para mantener la relaci\u00f3n comercial, los destinamos \u00fanicamente a esta finalidad y hacemos uso propio de esta clase de relaci\u00f3n.<\/span><\/p>\n<p><span style=\"font-weight: 400;\">&nbsp;Videovigilancia. En el acceso a nuestras instalaciones se informa, en su caso, de la existencia de c\u00e1maras de videovigilancia mediante los r\u00f3tulos homologados. Las c\u00e1maras graban im\u00e1genes s\u00f3lo de los puntos en los que est\u00e1 justificado para garantizar la seguridad de los bienes y de las personas y las im\u00e1genes se utilizan \u00fanicamente para esta finalidad.<\/span><\/p>\n<p><span style=\"font-weight: 400;\">Otros canales de obtenci\u00f3n de datos. Obtenemos tambi\u00e9n datos por medio de relaciones presenciales y otros canales como la recepci\u00f3n de correos electr\u00f3nicos, o por medio de nuestros perfiles en las redes sociales. En todos los casos los datos se destinan s\u00f3lo a las finalidades expl\u00edcitas que justifican su recogida y tratamiento.&nbsp;<\/span><\/p>\n<p><b>LEGITIMACI\u00d3N&nbsp;<\/b><\/p>\n<p><span style=\"font-weight: 400;\">La base legal de la recogida de datos es el inter\u00e9s leg\u00edtimo por llevar a cabo los servicios solicitados o para la selecci\u00f3n de personal.<\/span><\/p>\n<p><b>DESTINATARIOS<\/b><\/p>\n<p><span style=\"font-weight: 400;\">Los destinatarios de la informaci\u00f3n son todos los departamentos en los que se organiza <\/span><i><span style=\"font-weight: 400;\">Sant Andreu<\/span><\/i> <i><span style=\"font-weight: 400;\">Salut,<\/span><\/i><span style=\"font-weight: 400;\"> as\u00ed como los estamentos oficiales p\u00fablicos o privados que, por obligaci\u00f3n legal o necesidad material, deban acceder a los datos a efectos de la correcta prestaci\u00f3n de la asistencia sociosanitaria o social, que constituye la finalidad del tratamiento de estos datos.&nbsp;<\/span><\/p>\n<p><b>DERECHOS<\/b><\/p>\n<table>\n<tbody>\n<tr>\n<td><b>Derecho de acceso<\/b><\/td>\n<td><span style=\"font-weight: 400;\">Tiene derecho a obtener confirmaci\u00f3n sobre si estamos tratando los datos personales que le conciernen, o no, as\u00ed como acceder a sus datos personales.<\/span><\/td>\n<\/tr>\n<tr>\n<td><b>Derecho de rectificaci\u00f3n<\/b><\/td>\n<td><span style=\"font-weight: 400;\">Tiene derecho a solicitar la rectificaci\u00f3n de los datos personales cuando sean inexactos o que se completen cuando sean incompletas<\/span><\/td>\n<\/tr>\n<tr>\n<td><b>Derecho de supresi\u00f3n\/derecho al olvido<\/b><\/td>\n<td><span style=\"font-weight: 400;\">Puede solicitarnos que los datos personales sean suprimidos cuando, entre otros motivos, los datos ya no sean necesarios para los fines por los que fueron recogidos.<\/span><\/td>\n<\/tr>\n<tr>\n<td><b>Derecho de limitaci\u00f3n<\/b><\/td>\n<td><span style=\"font-weight: 400;\">Tiene derecho a solicitar la limitaci\u00f3n del&nbsp; tratamiento de los datos, en cuyo caso \u00fanicamente los conservaremos para el ejercicio o defensa de reclamaciones.<\/span><\/td>\n<\/tr>\n<tr>\n<td><b>Derecho de portabilidad<\/b><\/td>\n<td><span style=\"font-weight: 400;\">Puede solicitarnos que sus datos personales automatizados sean cedidos o transferidos a cualquier otra persona que nos indique en un formato estructurado, de uso com\u00fan y lectura mec\u00e1nica.<\/span><\/td>\n<\/tr>\n<tr>\n<td><b>Derecho de oposici\u00f3n<\/b><\/td>\n<td><span style=\"font-weight: 400;\">Puede oponerse a que los datos personales sean objeto de un tratamiento. En este caso, se dejar\u00e1 de tratar los datos, con excepci\u00f3n de motivos leg\u00edtimos imperiosos o el ejercicio o defensa de posibles reclamaciones.<\/span><\/td>\n<\/tr>\n<\/tbody>\n<\/table>\n<p><span style=\"font-weight: 400;\">&nbsp;<\/span><\/p>\n<p><span style=\"font-weight: 400;\">Para ejercitar los derechos y cualquier aclaraci\u00f3n, se puede hacer por escrito dirigido al Responsable del fichero o bien al Delegado de Protecci\u00f3n de Datos mediante el correo-e <\/span><b>dpd@santandreusalut.cat<\/b><span style=\"font-weight: 400;\">, indicando que se trata de un &#8220;EJERCICIO DE DERECHOS DE PROTECCI\u00d3N DE DATOS&#8221;. Para tramitar la solicitud, podr\u00e1n solicitar que se acredite la identidad del solicitante.<\/span><\/p>\n<p><span style=\"font-weight: 400;\">Tambi\u00e9n puede ejercerse el derecho de presentar una reclamaci\u00f3n a la Agencia Espa\u00f1ola de Protecci\u00f3n de Datos.<\/span><\/p>\t\t\t\t\t\t\t\t<\/div>\n\t\t\t\t<\/div>\n\t\t\t\t\t<\/div>\n\t\t<\/div>\n\t\t\t\t\t<\/div>\n\t\t<\/section>\n\t\t\t\t\t<\/div>\n\t\t<\/div>\n\t\t\t\t\t<\/div>\n\t\t<\/section>\n\t\t\t\t<\/div>\n\t\t","protected":false},"excerpt":{"rendered":"<p>Este documento explica la pol\u00edtica de protecci\u00f3n de datos de Sant Andreu Salut Fundaci\u00f3. Se fundamenta en los principios del Reglamento General de Protecci\u00f3n de Datos 2016\/679\/UE. Asumimos plenamente el esp\u00edritu de este Reglamento europeo porque refuerza los derechos y da m\u00e1s garant\u00edas a las personas en relaci\u00f3n con el tratamiento de sus datos, objetivo [&hellip;]<\/p>\n","protected":false},"author":1,"featured_media":0,"parent":0,"menu_order":0,"comment_status":"closed","ping_status":"closed","template":"","meta":{"site-sidebar-layout":"no-sidebar","site-content-layout":"page-builder","ast-site-content-layout":"default","site-content-style":"default","site-sidebar-style":"default","ast-global-header-display":"","ast-banner-title-visibility":"","ast-main-header-display":"","ast-hfb-above-header-display":"","ast-hfb-below-header-display":"","ast-hfb-mobile-header-display":"","site-post-title":"disabled","ast-breadcrumbs-content":"","ast-featured-img":"disabled","footer-sml-layout":"","ast-disable-related-posts":"","theme-transparent-header-meta":"default","adv-header-id-meta":"","stick-header-meta":"default","header-above-stick-meta":"","header-main-stick-meta":"","header-below-stick-meta":"","astra-migrate-meta-layouts":"default","ast-page-background-enabled":"default","ast-page-background-meta":{"desktop":{"background-color":"var(--ast-global-color-4)","background-image":"","background-repeat":"repeat","background-position":"center center","background-size":"auto","background-attachment":"scroll","background-type":"","background-media":"","overlay-type":"","overlay-color":"","overlay-opacity":"","overlay-gradient":""},"tablet":{"background-color":"","background-image":"","background-repeat":"repeat","background-position":"center center","background-size":"auto","background-attachment":"scroll","background-type":"","background-media":"","overlay-type":"","overlay-color":"","overlay-opacity":"","overlay-gradient":""},"mobile":{"background-color":"","background-image":"","background-repeat":"repeat","background-position":"center center","background-size":"auto","background-attachment":"scroll","background-type":"","background-media":"","overlay-type":"","overlay-color":"","overlay-opacity":"","overlay-gradient":""}},"ast-content-background-meta":{"desktop":{"background-color":"var(--ast-global-color-5)","background-image":"","background-repeat":"repeat","background-position":"center center","background-size":"auto","background-attachment":"scroll","background-type":"","background-media":"","overlay-type":"","overlay-color":"","overlay-opacity":"","overlay-gradient":""},"tablet":{"background-color":"var(--ast-global-color-5)","background-image":"","background-repeat":"repeat","background-position":"center center","background-size":"auto","background-attachment":"scroll","background-type":"","background-media":"","overlay-type":"","overlay-color":"","overlay-opacity":"","overlay-gradient":""},"mobile":{"background-color":"var(--ast-global-color-5)","background-image":"","background-repeat":"repeat","background-position":"center center","background-size":"auto","background-attachment":"scroll","background-type":"","background-media":"","overlay-type":"","overlay-color":"","overlay-opacity":"","overlay-gradient":""}},"footnotes":""},"class_list":["post-4572","page","type-page","status-publish","hentry"],"_links":{"self":[{"href":"https:\/\/www.odec.cat\/es\/wp-json\/wp\/v2\/pages\/4572","targetHints":{"allow":["GET"]}}],"collection":[{"href":"https:\/\/www.odec.cat\/es\/wp-json\/wp\/v2\/pages"}],"about":[{"href":"https:\/\/www.odec.cat\/es\/wp-json\/wp\/v2\/types\/page"}],"author":[{"embeddable":true,"href":"https:\/\/www.odec.cat\/es\/wp-json\/wp\/v2\/users\/1"}],"replies":[{"embeddable":true,"href":"https:\/\/www.odec.cat\/es\/wp-json\/wp\/v2\/comments?post=4572"}],"version-history":[{"count":0,"href":"https:\/\/www.odec.cat\/es\/wp-json\/wp\/v2\/pages\/4572\/revisions"}],"wp:attachment":[{"href":"https:\/\/www.odec.cat\/es\/wp-json\/wp\/v2\/media?parent=4572"}],"curies":[{"name":"wp","href":"https:\/\/api.w.org\/{rel}","templated":true}]}}